{"id":2,"date":"2023-04-19T09:40:38","date_gmt":"2023-04-19T12:40:38","guid":{"rendered":"http:\/\/franzini.com.br\/?page_id=2"},"modified":"2023-05-17T22:41:12","modified_gmt":"2023-05-18T01:41:12","slug":"pagina-exemplo","status":"publish","type":"page","link":"https:\/\/franzini.com.br\/?page_id=2","title":{"rendered":"Bem vindo, se chegou at\u00e9 aqui&#8230;"},"content":{"rendered":"\r\n<p>Tenho observado que fazer parte desta grande familia \u00e9 motivo de orgulho para muitos, mas vejo uma certa dificuldade por entender nossas origens, a id\u00e9ia deste projeto \u00e9 fazer um documento, organizado por \u00e9pocas, contando com apoio de quem queira participar, doando materiais, documentos e hist\u00f3rias !!!<\/p>\r\n<p>&nbsp;<\/p>\r\n<p>Se voc\u00ea possui algo de interesse de todos, e gostaria de ver publicado de forma organizada fique a vontade, neste momento, de nascimento do projeto, estaremos recebendo tudo que for de interesse no email admin@franzini.com.br.<\/p>\r\n<p>&nbsp;<\/p>\r\n<p>Obrigado a quem puder colaborar, e fiquem atentos a novas atualiza\u00e7\u00f5es aqui.<\/p>\r\n<! ========= Cool Timeline Free 2.7 =========><div class=\"cool_timeline cool-timeline-wrapper both-sided-wrapper white-timeline-wrapper clean-skin-tm\"><h2 class=\"timeline-main-title center-block\">Timeline<\/h2><div class=\"cool-timeline white-timeline ultimate-style both-sided-wrapper default \"><div data-animations=\"fade-up\"  id=\"ctl-free-one\" class=\"cooltimeline_cont  clearfix icons_yes\"><div  data-aos=\"fade-up\"  class=\"timeline-year scrollable-section\"\r\n\t\t\t\t\t\t\t\tdata-section-title=\"2023\" id=\"clt-2023\">\r\n\t\t\t\t\t\t\t\t<div class=\"icon-placeholder\"><span class=\"ctl-timeline-date\">2023<\/span><\/div>\r\n\t\t\t\t\t\t\t\t<div class=\"timeline-bar\"><\/div>\r\n\t\t\t\t\t\t\t\t<\/div><!-- .timeline-post-start--><div  class=\"timeline-post even light-grey-post icons_yes  clean-skin\"  id=\"story-83\"><div  data-aos=\"fade-up\" class=\"timeline-meta\"><div class=\"meta-details\">maio 16<\/div><\/div><div data-aos=\"fade-up\" class=\"timeline-icon icon-larger iconbg-turqoise icon-color-white\">\r\n\t\t\t\t\t\t<div class=\"icon-placeholder\"><i class=\"fa fa-clock-o\" aria-hidden=\"true\"><\/i><\/div>\r\n\t\t\t\t\t\t<div class=\"timeline-bar\"><\/div>\r\n\t\t\t\t\t<\/div><div  data-aos=\"fade-up\" class=\"timeline-content clearfix\"><h2 class=\"content-title\">Inicio deste Projeto<\/h2><div class=\"ctl_info event-description small\"><div class=\"content-details\"><img loading=\"lazy\" decoding=\"async\" class=\"alignnone size-medium wp-image-35\" src=\"http:\/\/franzini.com.br\/wp-content\/uploads\/2023\/04\/GettyImages-140880537.jpg-300x169.webp\" alt=\"\" width=\"300\" height=\"169\" srcset=\"https:\/\/franzini.com.br\/wp-content\/uploads\/2023\/04\/GettyImages-140880537.jpg-300x169.webp 300w, https:\/\/franzini.com.br\/wp-content\/uploads\/2023\/04\/GettyImages-140880537.jpg-1024x576.webp 1024w, https:\/\/franzini.com.br\/wp-content\/uploads\/2023\/04\/GettyImages-140880537.jpg-768x432.webp 768w, https:\/\/franzini.com.br\/wp-content\/uploads\/2023\/04\/GettyImages-140880537.jpg.webp 1280w\" sizes=\"auto, (max-width: 300px) 100vw, 300px\" \/><\/div><\/div><\/div><!-- timeline content --><\/div><!-- .timeline-post-end --><div  data-aos=\"fade-up\"  class=\"timeline-year scrollable-section\"\r\n\t\t\t\t\t\t\t\tdata-section-title=\"1972\" id=\"clt-1972\">\r\n\t\t\t\t\t\t\t\t<div class=\"icon-placeholder\"><span class=\"ctl-timeline-date\">1972<\/span><\/div>\r\n\t\t\t\t\t\t\t\t<div class=\"timeline-bar\"><\/div>\r\n\t\t\t\t\t\t\t\t<\/div><!-- .timeline-post-start--><div  class=\"timeline-post odd light-grey-post icons_yes  clean-skin\"  id=\"story-105\"><div  data-aos=\"fade-up\" class=\"timeline-meta\"><div class=\"meta-details\">agosto 30<\/div><\/div><div data-aos=\"fade-up\" class=\"timeline-icon icon-larger iconbg-turqoise icon-color-white\">\r\n\t\t\t\t\t\t<div class=\"icon-placeholder\"><i class=\"fas fa-cross\"><\/i><\/div>\r\n\t\t\t\t\t\t<div class=\"timeline-bar\"><\/div>\r\n\t\t\t\t\t<\/div><div  data-aos=\"fade-up\" class=\"timeline-content clearfix\"><h2 class=\"content-title\">Amabile Falcirolli<\/h2><div class=\"ctl_info event-description full\"><div class=\"content-details\"><p>Falecida a\u00a030\u00a0de\u00a0agosto\u00a0de\u00a01972 &#8211; Araras, Sp, Brasil, com a idade de 92\u00a0anos<\/p>\n<\/div><\/div><\/div><!-- timeline content --><\/div><!-- .timeline-post-end --><div  data-aos=\"fade-up\"  class=\"timeline-year scrollable-section\"\r\n\t\t\t\t\t\t\t\tdata-section-title=\"1960\" id=\"clt-1960\">\r\n\t\t\t\t\t\t\t\t<div class=\"icon-placeholder\"><span class=\"ctl-timeline-date\">1960<\/span><\/div>\r\n\t\t\t\t\t\t\t\t<div class=\"timeline-bar\"><\/div>\r\n\t\t\t\t\t\t\t\t<\/div><!-- .timeline-post-start--><div  class=\"timeline-post even light-grey-post icons_yes  clean-skin\"  id=\"story-106\"><div  data-aos=\"fade-up\" class=\"timeline-meta\"><div class=\"meta-details\">janeiro 1<\/div><\/div><div data-aos=\"fade-up\" class=\"timeline-icon icon-larger iconbg-turqoise icon-color-white\">\r\n\t\t\t\t\t\t<div class=\"icon-placeholder\"><i class=\"fa fa-clock-o\" aria-hidden=\"true\"><\/i><\/div>\r\n\t\t\t\t\t\t<div class=\"timeline-bar\"><\/div>\r\n\t\t\t\t\t<\/div><div  data-aos=\"fade-up\" class=\"timeline-content clearfix\"><h2 class=\"content-title\">Alberto Franzini<\/h2><div class=\"ctl_info event-description full\"><div class=\"content-details\"><p>Em 1960 assume a <a href=\"https:\/\/www.camara-araras.sp.gov.br\/Vereador\/ListarExPresidentes\/168\">presidencia da camara municipal de Araras<\/a><\/p>\n<\/div><\/div><\/div><!-- timeline content --><\/div><!-- .timeline-post-end --><div  data-aos=\"fade-up\"  class=\"timeline-year scrollable-section\"\r\n\t\t\t\t\t\t\t\tdata-section-title=\"1950\" id=\"clt-1950\">\r\n\t\t\t\t\t\t\t\t<div class=\"icon-placeholder\"><span class=\"ctl-timeline-date\">1950<\/span><\/div>\r\n\t\t\t\t\t\t\t\t<div class=\"timeline-bar\"><\/div>\r\n\t\t\t\t\t\t\t\t<\/div><!-- .timeline-post-start--><div  class=\"timeline-post odd light-grey-post icons_yes  clean-skin\"  id=\"story-91\"><div  data-aos=\"fade-up\" class=\"timeline-meta\"><div class=\"meta-details\">novembro 7<\/div><\/div><div data-aos=\"fade-up\" class=\"timeline-icon icon-larger iconbg-turqoise icon-color-white\">\r\n\t\t\t\t\t\t<div class=\"icon-placeholder\"><i class=\"fas fa-cross\"><\/i><\/div>\r\n\t\t\t\t\t\t<div class=\"timeline-bar\"><\/div>\r\n\t\t\t\t\t<\/div><div  data-aos=\"fade-up\" class=\"timeline-content clearfix\"><h2 class=\"content-title\">Angelo Franzini<\/h2><div class=\"ctl_info event-description full\"><div class=\"content-details\"><p>Falecido a 7 de Novembro de 1950 &#8211; <a href=\"https:\/\/goo.gl\/maps\/aAxBHXeBtuwnBMJ87\">Araras<\/a>, SP, Brasil<\/p>\n<\/div><\/div><\/div><!-- timeline content --><\/div><!-- .timeline-post-end --><div  data-aos=\"fade-up\"  class=\"timeline-year scrollable-section\"\r\n\t\t\t\t\t\t\t\tdata-section-title=\"1897\" id=\"clt-1897\">\r\n\t\t\t\t\t\t\t\t<div class=\"icon-placeholder\"><span class=\"ctl-timeline-date\">1897<\/span><\/div>\r\n\t\t\t\t\t\t\t\t<div class=\"timeline-bar\"><\/div>\r\n\t\t\t\t\t\t\t\t<\/div><!-- .timeline-post-start--><div  class=\"timeline-post even light-grey-post icons_yes  clean-skin\"  id=\"story-103\"><div  data-aos=\"fade-up\" class=\"timeline-meta\"><div class=\"meta-details\">janeiro 16<\/div><\/div><div data-aos=\"fade-up\" class=\"timeline-icon icon-larger iconbg-turqoise icon-color-white\">\r\n\t\t\t\t\t\t<div class=\"icon-placeholder\"><i class=\"fas fa-church\"><\/i><\/div>\r\n\t\t\t\t\t\t<div class=\"timeline-bar\"><\/div>\r\n\t\t\t\t\t<\/div><div  data-aos=\"fade-up\" class=\"timeline-content clearfix\"><h2 class=\"content-title\">Matrimonio de Angelo e Amabile<\/h2><div class=\"ctl_info event-description full\"><div class=\"content-details\"><p>Casado\u00a0<em>a\u00a016\u00a0de\u00a0janeiro\u00a0de\u00a01897, Matriz de N\u00aa S\u00aa do Patrocinio das Araras,\u00a0<\/em>com\u00a0<a href=\"https:\/\/gw.geneanet.org\/samacadu?lang=pt&amp;pz=antonio&amp;nz=belotto&amp;ocz=1&amp;p=amabile&amp;n=falcirolli\">Amabile Falcirolli<\/a><\/p>\n<\/div><\/div><\/div><!-- timeline content --><\/div><!-- .timeline-post-end --><div  data-aos=\"fade-up\"  class=\"timeline-year scrollable-section\"\r\n\t\t\t\t\t\t\t\tdata-section-title=\"1880\" id=\"clt-1880\">\r\n\t\t\t\t\t\t\t\t<div class=\"icon-placeholder\"><span class=\"ctl-timeline-date\">1880<\/span><\/div>\r\n\t\t\t\t\t\t\t\t<div class=\"timeline-bar\"><\/div>\r\n\t\t\t\t\t\t\t\t<\/div><!-- .timeline-post-start--><div  class=\"timeline-post odd light-grey-post icons_yes  clean-skin\"  id=\"story-89\"><div  data-aos=\"fade-up\" class=\"timeline-meta\"><div class=\"meta-details\">mar\u00e7o 5<\/div><\/div><div data-aos=\"fade-up\" class=\"timeline-icon icon-larger iconbg-turqoise icon-color-white\">\r\n\t\t\t\t\t\t<div class=\"icon-placeholder\"><i class=\"fas fa-star\"><\/i><\/div>\r\n\t\t\t\t\t\t<div class=\"timeline-bar\"><\/div>\r\n\t\t\t\t\t<\/div><div  data-aos=\"fade-up\" class=\"timeline-content clearfix\"><h2 class=\"content-title\">Angelo Franzini<\/h2><div class=\"ctl_info event-description full\"><div class=\"content-details\"><p>Nascido a 5 de Mar\u00e7o de 1880 &#8211; <a href=\"https:\/\/goo.gl\/maps\/zPZ8X15B1RdppUFC8\">Gazzo Veronese<\/a>, Verona, Veneto, Italia.<\/p>\n<\/div><\/div><\/div><!-- timeline content --><\/div><!-- .timeline-post-end --><div  data-aos=\"fade-up\"  class=\"timeline-year scrollable-section\"\r\n\t\t\t\t\t\t\t\tdata-section-title=\"1879\" id=\"clt-1879\">\r\n\t\t\t\t\t\t\t\t<div class=\"icon-placeholder\"><span class=\"ctl-timeline-date\">1879<\/span><\/div>\r\n\t\t\t\t\t\t\t\t<div class=\"timeline-bar\"><\/div>\r\n\t\t\t\t\t\t\t\t<\/div><!-- .timeline-post-start--><div  class=\"timeline-post even light-grey-post icons_yes  clean-skin\"  id=\"story-104\"><div  data-aos=\"fade-up\" class=\"timeline-meta\"><div class=\"meta-details\">outubro 8<\/div><\/div><div data-aos=\"fade-up\" class=\"timeline-icon icon-larger iconbg-turqoise icon-color-white\">\r\n\t\t\t\t\t\t<div class=\"icon-placeholder\"><i class=\"fas fa-star\"><\/i><\/div>\r\n\t\t\t\t\t\t<div class=\"timeline-bar\"><\/div>\r\n\t\t\t\t\t<\/div><div  data-aos=\"fade-up\" class=\"timeline-content clearfix\"><h2 class=\"content-title\">Amabile Falcirolli<\/h2><div class=\"ctl_info event-description full\"><div class=\"content-details\"><p>Nascida a\u00a08\u00a0de\u00a0outubro\u00a0de\u00a01879 &#8211; <a href=\"https:\/\/goo.gl\/maps\/hJmZk4ERAiinYxGu6\">Sanguinetto, Verona, Veneto, It\u00e1lia<\/a><\/p>\n<\/div><\/div><\/div><!-- timeline content --><\/div><!-- .timeline-post-end --><div  data-aos=\"fade-up\"  class=\"timeline-year scrollable-section\"\r\n\t\t\t\t\t\t\t\tdata-section-title=\"1838\" id=\"clt-1838\">\r\n\t\t\t\t\t\t\t\t<div class=\"icon-placeholder\"><span class=\"ctl-timeline-date\">1838<\/span><\/div>\r\n\t\t\t\t\t\t\t\t<div class=\"timeline-bar\"><\/div>\r\n\t\t\t\t\t\t\t\t<\/div><!-- .timeline-post-start--><div  class=\"timeline-post odd light-grey-post icons_yes  clean-skin\"  id=\"story-87\"><div  data-aos=\"fade-up\" class=\"timeline-meta\"><div class=\"meta-details\">outubro 13<\/div><\/div><div data-aos=\"fade-up\" class=\"timeline-icon icon-larger iconbg-turqoise icon-color-white\">\r\n\t\t\t\t\t\t<div class=\"icon-placeholder\"><i class=\"fa fa-clock-o\" aria-hidden=\"true\"><\/i><\/div>\r\n\t\t\t\t\t\t<div class=\"timeline-bar\"><\/div>\r\n\t\t\t\t\t<\/div><div  data-aos=\"fade-up\" class=\"timeline-content clearfix\"><h2 class=\"content-title\">Texto com data Mais antiga encontrado at\u00e9 agora&#8230;<\/h2><div class=\"ctl_info event-description full\"><div class=\"content-details\"><p>Corona nobiliare FranziniCarlo-Alberto, rei da Sardenha, com cartas de patentes em 13 de outubro de 1838, concedido a Cav. Antonio Franzini, o t\u00edtulo de contagem transmiss\u00edvel para direitos de primogenitura do sexo masculino, e com outras cartas de patentes em 19 de dezembro de 1846 concedeu o mesmo o direito de dispor, por escritura entre os vivos e a \u00faltima vontade, do comit\u00ea do t\u00edtulo em favor de seu irm\u00e3o Senador Pietro Franzini e do descendentes masculinos disso por ordem de primogenitura. V\u00e1rias fam\u00edlias hom\u00f4nimas se espalharam para diferentes regi\u00f5es da It\u00e1lia. As informa\u00e7\u00f5es bibliogr\u00e1ficas que nos s\u00e3o transmitidas podem ser rastreadas at\u00e9 essa linhagem da qual anotamos. Encontramos outro ramo muito importante origin\u00e1rio de Bergamasco desde 1200, no qual, a partir de escritos antigos, a fam\u00edlia parece ter obtido nobreza. De fato, a presen\u00e7a do lema e da arma na bibliografia documentada da fam\u00edlia confirma a nobreza ancestral da fam\u00edlia. A origem do lema remonta ao s\u00e9culo XIV e deve ser procurada naqueles ditos espirituosos que foram escritos nas faixas ou bandeiras dos cavaleiros, exibidas nas janelas das pousadas em que eles ficaram, durante os torneios e durante os pr\u00f3prios torneios. O lema era um pensamento expresso em poucas palavras, aludindo a um sentimento claro ou oculto, a uma qualidade, a uma mem\u00f3ria hist\u00f3rica, como um est\u00edmulo \u00e0 coragem ou \u00e0 honra. Foi escolhido pelo chefe da fam\u00edlia, pelo cavaleiro que entra na corrida ou dado pelo soberano ao seu homem leal. Lema da fam\u00edlia: Bene docet. &#8230;<\/p>\n<\/div><\/div><\/div><!-- timeline content --><\/div><!-- .timeline-post-end --><\/div><div class=\"clearfix\"><\/div><\/div> <\/div><!-- end\r\n\t\t\t================================================== -->\r\n","protected":false},"excerpt":{"rendered":"<p>Tenho observado que fazer parte desta grande familia \u00e9 motivo de orgulho para muitos, mas vejo uma certa dificuldade por entender nossas origens, a id\u00e9ia deste projeto \u00e9 fazer um documento, organizado por \u00e9pocas, contando com apoio de quem queira participar, doando materiais, documentos e hist\u00f3rias !!! &nbsp; Se voc\u00ea possui algo de interesse de todos, e gostaria de ver publicado de forma organizada fique a vontade, neste momento, de nascimento do projeto, estaremos recebendo tudo que for de interesse no email admin@franzini.com.br. &nbsp; Obrigado a quem puder colaborar, e fiquem atentos a novas atualiza\u00e7\u00f5es aqui.<\/p>\n","protected":false},"author":1,"featured_media":0,"parent":0,"menu_order":0,"comment_status":"closed","ping_status":"open","template":"","meta":{"footnotes":""},"class_list":["post-2","page","type-page","status-publish","hentry"],"_links":{"self":[{"href":"https:\/\/franzini.com.br\/index.php?rest_route=\/wp\/v2\/pages\/2","targetHints":{"allow":["GET"]}}],"collection":[{"href":"https:\/\/franzini.com.br\/index.php?rest_route=\/wp\/v2\/pages"}],"about":[{"href":"https:\/\/franzini.com.br\/index.php?rest_route=\/wp\/v2\/types\/page"}],"author":[{"embeddable":true,"href":"https:\/\/franzini.com.br\/index.php?rest_route=\/wp\/v2\/users\/1"}],"replies":[{"embeddable":true,"href":"https:\/\/franzini.com.br\/index.php?rest_route=%2Fwp%2Fv2%2Fcomments&post=2"}],"version-history":[{"count":4,"href":"https:\/\/franzini.com.br\/index.php?rest_route=\/wp\/v2\/pages\/2\/revisions"}],"predecessor-version":[{"id":86,"href":"https:\/\/franzini.com.br\/index.php?rest_route=\/wp\/v2\/pages\/2\/revisions\/86"}],"wp:attachment":[{"href":"https:\/\/franzini.com.br\/index.php?rest_route=%2Fwp%2Fv2%2Fmedia&parent=2"}],"curies":[{"name":"wp","href":"https:\/\/api.w.org\/{rel}","templated":true}]}}